{"id":1513,"date":"2023-03-24T08:57:57","date_gmt":"2023-03-24T08:57:57","guid":{"rendered":"https:\/\/barradas.server-data-cloud.de\/recyclage-des-batteries\/"},"modified":"2024-04-24T08:34:26","modified_gmt":"2024-04-24T08:34:26","slug":"recyclage-des-batteries","status":"publish","type":"page","link":"https:\/\/barradas.de\/fr\/domaines-dactivite\/installations\/recyclage-des-batteries\/","title":{"rendered":"RECYCLAGE DES BATTERIES"},"content":{"rendered":"<p>[et_pb_section fb_built=&#8221;1&#8243; _builder_version=&#8221;4.20.2&#8243; background_color=&#8221;rgba(0,0,0,0.05)&#8221; custom_padding=&#8221;0px||0px||true|false&#8221; global_colors_info=&#8221;{}&#8221;][et_pb_row _builder_version=&#8221;4.16&#8243; background_size=&#8221;initial&#8221; background_position=&#8221;top_left&#8221; background_repeat=&#8221;repeat&#8221; global_colors_info=&#8221;{}&#8221;][et_pb_column type=&#8221;4_4&#8243; _builder_version=&#8221;4.16&#8243; custom_padding=&#8221;|||&#8221; global_colors_info=&#8221;{}&#8221; custom_padding__hover=&#8221;|||&#8221;][et_pb_text _builder_version=&#8221;4.20.2&#8243; _module_preset=&#8221;default&#8221; global_colors_info=&#8221;{}&#8221;]<\/p>\n<h3>RECYCLAGE DES BATTERIES<\/h3>\n<p>[\/et_pb_text][\/et_pb_column][\/et_pb_row][\/et_pb_section][et_pb_section fb_built=&#8221;1&#8243; _builder_version=&#8221;4.16&#8243; global_colors_info=&#8221;{}&#8221;][et_pb_row column_structure=&#8221;2_3,1_3&#8243; _builder_version=&#8221;4.16&#8243; background_size=&#8221;initial&#8221; background_position=&#8221;top_left&#8221; background_repeat=&#8221;repeat&#8221; global_colors_info=&#8221;{}&#8221;][et_pb_column type=&#8221;2_3&#8243; _builder_version=&#8221;4.16&#8243; custom_padding=&#8221;|||&#8221; global_colors_info=&#8221;{}&#8221; custom_padding__hover=&#8221;|||&#8221;][et_pb_text _builder_version=&#8221;4.20.2&#8243; background_size=&#8221;initial&#8221; background_position=&#8221;top_left&#8221; background_repeat=&#8221;repeat&#8221; global_colors_info=&#8221;{}&#8221;]<\/p>\n<p><strong>CONCEPTION DE LIGNES ET PROCESS POUR LE RECYCLAGE DES BATTERIES LITHIUM-ION<\/strong><br \/>Nous pouvons vous fournir des concepts de lignes ou de process afi n de recycler les batteries EV et\/ou les batteries LI-ION industrielles.<\/p>\n<p><strong>SOLUTIONS EN 3 \u00c9TAPES<\/strong><\/p>\n<ol>\n<li>D\u00e9chargement\/d\u00e9montage<\/li>\n<li>Pr\u00e9-traitement comprenant le broyage et le s\u00e9chage<\/li>\n<li>Traitement m\u00e9canique<\/li>\n<\/ol>\n<p><strong>\u00a0<br \/>Nous offrons:<\/strong><\/p>\n<ul>\n<li>Syst\u00e8me compl\u00e9tement ferm\u00e9 et s\u00e9curis\u00e9<\/li>\n<li>Syst\u00e8me complet pour la gestion des gaz<\/li>\n<li>Respect de toutes les r\u00e9glementations internationales en vigueur en mati\u00e8re de sant\u00e9, de s\u00e9curit\u00e9 et d\u2019environnement<\/li>\n<li>S\u00e9chage sous vide contr\u00f4l\u00e9 de mani\u00e8re adaptive sans pollution par les odeurs ni condensation ind\u00e9sirable<\/li>\n<li>Taux de r\u00e9cup\u00e9ration (&gt;98%) et puret\u00e9s (&gt;98%) les plus \u00e9lev\u00e9s<\/li>\n<li>Disposition flexible<\/li>\n<li>Concept de la ligne \u00e9volutif selon les besoins (exemple : 1 to\/h, 2 to\/h, 4 to\/h, etc.)<\/li>\n<li>Syst\u00e8me de s\u00e9paration brevet\u00e9 et broyage innovant du module pour r\u00e9cup\u00e9rer la masse noire la plus propre<\/li>\n<\/ul>\n<p>[\/et_pb_text][\/et_pb_column][et_pb_column type=&#8221;1_3&#8243; _builder_version=&#8221;4.16&#8243; custom_padding=&#8221;|||&#8221; global_colors_info=&#8221;{}&#8221; custom_padding__hover=&#8221;|||&#8221;][et_pb_image src=&#8221;https:\/\/barradas.de\/wp-content\/uploads\/2024\/04\/Li-Ionen-Recycling-final-.png&#8221; title_text=&#8221;Li-Ionen Recycling final&#8221; show_in_lightbox=&#8221;on&#8221; align=&#8221;center&#8221; _builder_version=&#8221;4.24.2&#8243; _module_preset=&#8221;default&#8221; hover_enabled=&#8221;0&#8243; global_colors_info=&#8221;{}&#8221; sticky_enabled=&#8221;0&#8243;][\/et_pb_image][\/et_pb_column][\/et_pb_row][\/et_pb_section][et_pb_section fb_built=&#8221;1&#8243; _builder_version=&#8221;4.20.2&#8243; _module_preset=&#8221;default&#8221; background_color=&#8221;rgba(0,0,0,0.05)&#8221; global_colors_info=&#8221;{}&#8221;][et_pb_row _builder_version=&#8221;4.20.2&#8243; _module_preset=&#8221;default&#8221; global_colors_info=&#8221;{}&#8221;][et_pb_column type=&#8221;4_4&#8243; _builder_version=&#8221;4.20.2&#8243; _module_preset=&#8221;default&#8221; global_colors_info=&#8221;{}&#8221;][et_pb_text _builder_version=&#8221;4.20.2&#8243; _module_preset=&#8221;default&#8221; global_colors_info=&#8221;{}&#8221;]<\/p>\n<p>Notre \u00e9quipe d\u2019experts est l\u00e0 pour vous conseiller pour de nouvelles applications ou de modifications.<\/p>\n<p>Gr\u00e2ce \u00e0 nos technologies de broyage modernes \u2013 y compris notre syst\u00e8me de contr\u00f4le intelligent ICS de Barradas \u2013 nous offrons une extr\u00eame flexibilit\u00e9 et garantissons un fonctionnement \u00e0 rendement optimis\u00e9 dans un large \u00e9ventail d\u2019applications.<\/p>\n<p><strong>Nous vous accompagnons tout au long du processus jusqu\u2019\u00e0 la r\u00e9alisation de la solution souhait\u00e9e et au-del\u00e0 !<\/strong><\/p>\n<ul>\n<li><strong>Conseil<\/strong>\u00a0(y compris visite sur site)<\/li>\n<li><strong>Ing\u00e9nierie<\/strong>\u00a0(pr\u00e9-ing\u00e9nierie et ing\u00e9nierie de d\u00e9tail)<\/li>\n<li><strong>Gestion du projet<\/strong><\/li>\n<li><strong>Conseil et optimisation du process de recyclage<\/strong><\/li>\n<li><strong>Installations \u201ecl\u00e9 en main\u201c<\/strong><\/li>\n<li><strong>Commande de l\u2019installation<\/strong><\/li>\n<li><strong>Un large \u00e9ventail de technologies de recyclage<\/strong><\/li>\n<li><strong>Montage<\/strong><\/li>\n<li><strong>Service<\/strong><\/li>\n<\/ul>\n<p>[\/et_pb_text][\/et_pb_column][\/et_pb_row][\/et_pb_section]<\/p>\n","protected":false},"excerpt":{"rendered":"<p>RECYCLAGE DES BATTERIESCONCEPTION DE LIGNES ET PROCESS POUR LE RECYCLAGE DES BATTERIES LITHIUM-IONNous pouvons vous fournir des concepts de lignes ou de process afi n de recycler les batteries EV et\/ou les batteries LI-ION industrielles. SOLUTIONS EN 3 \u00c9TAPES D\u00e9chargement\/d\u00e9montage Pr\u00e9-traitement comprenant le broyage et le s\u00e9chage Traitement m\u00e9canique \u00a0Nous offrons: Syst\u00e8me compl\u00e9tement ferm\u00e9 et [&hellip;]<\/p>\n","protected":false},"author":1,"featured_media":0,"parent":1525,"menu_order":0,"comment_status":"closed","ping_status":"closed","template":"","meta":{"_et_pb_use_builder":"on","_et_pb_old_content":"","_et_gb_content_width":"","footnotes":""},"class_list":["post-1513","page","type-page","status-publish","hentry"],"yoast_head":"<!-- This site is optimized with the Yoast SEO plugin v26.6 - https:\/\/yoast.com\/wordpress\/plugins\/seo\/ -->\n<title>RECYCLAGE DES BATTERIES - Barradas GmbH<\/title>\n<meta name=\"robots\" content=\"index, follow, max-snippet:-1, max-image-preview:large, max-video-preview:-1\" \/>\n<link rel=\"canonical\" href=\"https:\/\/barradas.de\/fr\/domaines-dactivite\/installations\/recyclage-des-batteries\/\" \/>\n<meta property=\"og:locale\" content=\"fr_FR\" \/>\n<meta property=\"og:type\" content=\"article\" \/>\n<meta property=\"og:title\" content=\"RECYCLAGE DES BATTERIES - Barradas GmbH\" \/>\n<meta property=\"og:description\" content=\"RECYCLAGE DES BATTERIESCONCEPTION DE LIGNES ET PROCESS POUR LE RECYCLAGE DES BATTERIES LITHIUM-IONNous pouvons vous fournir des concepts de lignes ou de process afi n de recycler les batteries EV et\/ou les batteries LI-ION industrielles. SOLUTIONS EN 3 \u00c9TAPES D\u00e9chargement\/d\u00e9montage Pr\u00e9-traitement comprenant le broyage et le s\u00e9chage Traitement m\u00e9canique \u00a0Nous offrons: Syst\u00e8me compl\u00e9tement ferm\u00e9 et [&hellip;]\" \/>\n<meta property=\"og:url\" content=\"https:\/\/barradas.de\/fr\/domaines-dactivite\/installations\/recyclage-des-batteries\/\" \/>\n<meta property=\"og:site_name\" content=\"Barradas GmbH\" \/>\n<meta property=\"article:modified_time\" content=\"2024-04-24T08:34:26+00:00\" \/>\n<meta name=\"twitter:card\" content=\"summary_large_image\" \/>\n<meta name=\"twitter:label1\" content=\"Est. reading time\" \/>\n\t<meta name=\"twitter:data1\" content=\"2 minutes\" \/>\n<script type=\"application\/ld+json\" class=\"yoast-schema-graph\">{\"@context\":\"https:\/\/schema.org\",\"@graph\":[{\"@type\":\"WebPage\",\"@id\":\"https:\/\/barradas.de\/fr\/domaines-dactivite\/installations\/recyclage-des-batteries\/\",\"url\":\"https:\/\/barradas.de\/fr\/domaines-dactivite\/installations\/recyclage-des-batteries\/\",\"name\":\"RECYCLAGE DES BATTERIES - Barradas GmbH\",\"isPartOf\":{\"@id\":\"https:\/\/barradas.de\/fr\/#website\"},\"datePublished\":\"2023-03-24T08:57:57+00:00\",\"dateModified\":\"2024-04-24T08:34:26+00:00\",\"breadcrumb\":{\"@id\":\"https:\/\/barradas.de\/fr\/domaines-dactivite\/installations\/recyclage-des-batteries\/#breadcrumb\"},\"inLanguage\":\"fr-FR\",\"potentialAction\":[{\"@type\":\"ReadAction\",\"target\":[\"https:\/\/barradas.de\/fr\/domaines-dactivite\/installations\/recyclage-des-batteries\/\"]}]},{\"@type\":\"BreadcrumbList\",\"@id\":\"https:\/\/barradas.de\/fr\/domaines-dactivite\/installations\/recyclage-des-batteries\/#breadcrumb\",\"itemListElement\":[{\"@type\":\"ListItem\",\"position\":1,\"name\":\"Startseite\",\"item\":\"https:\/\/barradas.de\/fr\/\"},{\"@type\":\"ListItem\",\"position\":2,\"name\":\"DOMAINES D&#8217;ACTIVIT\u00c9\",\"item\":\"https:\/\/barradas.de\/fr\/domaines-dactivite\/\"},{\"@type\":\"ListItem\",\"position\":3,\"name\":\"INSTALLATIONS\",\"item\":\"https:\/\/barradas.de\/fr\/domaines-dactivite\/installations\/\"},{\"@type\":\"ListItem\",\"position\":4,\"name\":\"RECYCLAGE DES BATTERIES\"}]},{\"@type\":\"WebSite\",\"@id\":\"https:\/\/barradas.de\/fr\/#website\",\"url\":\"https:\/\/barradas.de\/fr\/\",\"name\":\"Barradas GmbH\",\"description\":\"\",\"potentialAction\":[{\"@type\":\"SearchAction\",\"target\":{\"@type\":\"EntryPoint\",\"urlTemplate\":\"https:\/\/barradas.de\/fr\/?s={search_term_string}\"},\"query-input\":{\"@type\":\"PropertyValueSpecification\",\"valueRequired\":true,\"valueName\":\"search_term_string\"}}],\"inLanguage\":\"fr-FR\"}]}<\/script>\n<!-- \/ Yoast SEO plugin. -->","yoast_head_json":{"title":"RECYCLAGE DES BATTERIES - Barradas GmbH","robots":{"index":"index","follow":"follow","max-snippet":"max-snippet:-1","max-image-preview":"max-image-preview:large","max-video-preview":"max-video-preview:-1"},"canonical":"https:\/\/barradas.de\/fr\/domaines-dactivite\/installations\/recyclage-des-batteries\/","og_locale":"fr_FR","og_type":"article","og_title":"RECYCLAGE DES BATTERIES - Barradas GmbH","og_description":"RECYCLAGE DES BATTERIESCONCEPTION DE LIGNES ET PROCESS POUR LE RECYCLAGE DES BATTERIES LITHIUM-IONNous pouvons vous fournir des concepts de lignes ou de process afi n de recycler les batteries EV et\/ou les batteries LI-ION industrielles. SOLUTIONS EN 3 \u00c9TAPES D\u00e9chargement\/d\u00e9montage Pr\u00e9-traitement comprenant le broyage et le s\u00e9chage Traitement m\u00e9canique \u00a0Nous offrons: Syst\u00e8me compl\u00e9tement ferm\u00e9 et [&hellip;]","og_url":"https:\/\/barradas.de\/fr\/domaines-dactivite\/installations\/recyclage-des-batteries\/","og_site_name":"Barradas GmbH","article_modified_time":"2024-04-24T08:34:26+00:00","twitter_card":"summary_large_image","twitter_misc":{"Est. reading time":"2 minutes"},"schema":{"@context":"https:\/\/schema.org","@graph":[{"@type":"WebPage","@id":"https:\/\/barradas.de\/fr\/domaines-dactivite\/installations\/recyclage-des-batteries\/","url":"https:\/\/barradas.de\/fr\/domaines-dactivite\/installations\/recyclage-des-batteries\/","name":"RECYCLAGE DES BATTERIES - Barradas GmbH","isPartOf":{"@id":"https:\/\/barradas.de\/fr\/#website"},"datePublished":"2023-03-24T08:57:57+00:00","dateModified":"2024-04-24T08:34:26+00:00","breadcrumb":{"@id":"https:\/\/barradas.de\/fr\/domaines-dactivite\/installations\/recyclage-des-batteries\/#breadcrumb"},"inLanguage":"fr-FR","potentialAction":[{"@type":"ReadAction","target":["https:\/\/barradas.de\/fr\/domaines-dactivite\/installations\/recyclage-des-batteries\/"]}]},{"@type":"BreadcrumbList","@id":"https:\/\/barradas.de\/fr\/domaines-dactivite\/installations\/recyclage-des-batteries\/#breadcrumb","itemListElement":[{"@type":"ListItem","position":1,"name":"Startseite","item":"https:\/\/barradas.de\/fr\/"},{"@type":"ListItem","position":2,"name":"DOMAINES D&#8217;ACTIVIT\u00c9","item":"https:\/\/barradas.de\/fr\/domaines-dactivite\/"},{"@type":"ListItem","position":3,"name":"INSTALLATIONS","item":"https:\/\/barradas.de\/fr\/domaines-dactivite\/installations\/"},{"@type":"ListItem","position":4,"name":"RECYCLAGE DES BATTERIES"}]},{"@type":"WebSite","@id":"https:\/\/barradas.de\/fr\/#website","url":"https:\/\/barradas.de\/fr\/","name":"Barradas GmbH","description":"","potentialAction":[{"@type":"SearchAction","target":{"@type":"EntryPoint","urlTemplate":"https:\/\/barradas.de\/fr\/?s={search_term_string}"},"query-input":{"@type":"PropertyValueSpecification","valueRequired":true,"valueName":"search_term_string"}}],"inLanguage":"fr-FR"}]}},"_links":{"self":[{"href":"https:\/\/barradas.de\/fr\/wp-json\/wp\/v2\/pages\/1513","targetHints":{"allow":["GET"]}}],"collection":[{"href":"https:\/\/barradas.de\/fr\/wp-json\/wp\/v2\/pages"}],"about":[{"href":"https:\/\/barradas.de\/fr\/wp-json\/wp\/v2\/types\/page"}],"author":[{"embeddable":true,"href":"https:\/\/barradas.de\/fr\/wp-json\/wp\/v2\/users\/1"}],"replies":[{"embeddable":true,"href":"https:\/\/barradas.de\/fr\/wp-json\/wp\/v2\/comments?post=1513"}],"version-history":[{"count":8,"href":"https:\/\/barradas.de\/fr\/wp-json\/wp\/v2\/pages\/1513\/revisions"}],"predecessor-version":[{"id":2374,"href":"https:\/\/barradas.de\/fr\/wp-json\/wp\/v2\/pages\/1513\/revisions\/2374"}],"up":[{"embeddable":true,"href":"https:\/\/barradas.de\/fr\/wp-json\/wp\/v2\/pages\/1525"}],"wp:attachment":[{"href":"https:\/\/barradas.de\/fr\/wp-json\/wp\/v2\/media?parent=1513"}],"curies":[{"name":"wp","href":"https:\/\/api.w.org\/{rel}","templated":true}]}}